{"id":542,"date":"2025-09-03T09:38:28","date_gmt":"2025-09-03T07:38:28","guid":{"rendered":"http:\/\/www.ascus-univ-smb.fr\/?page_id=542"},"modified":"2026-03-18T16:51:39","modified_gmt":"2026-03-18T15:51:39","slug":"programme-2025-2026","status":"publish","type":"page","link":"http:\/\/www.ascus-univ-smb.fr\/index.php\/programme-2025-2026\/","title":{"rendered":"Programme 2025-2026"},"content":{"rendered":"\t\t<div data-elementor-type=\"wp-page\" data-elementor-id=\"542\" class=\"elementor elementor-542\">\n\t\t\t\t<div class=\"elementor-element elementor-element-7caa03a e-flex e-con-boxed e-con e-parent\" data-id=\"7caa03a\" data-element_type=\"container\" data-e-type=\"container\">\n\t\t\t\t\t<div class=\"e-con-inner\">\n\t\t\t\t<div class=\"elementor-element elementor-element-2e3ab60 elementor-widget elementor-widget-timeline-widget-addon\" data-id=\"2e3ab60\" data-element_type=\"widget\" data-e-type=\"widget\" data-widget_type=\"timeline-widget-addon.default\">\n\t\t\t\t<div class=\"elementor-widget-container\">\n\t\t\t\t\t<!-- ========= Timeline Widget Addon For Elementor 1.6.23 ========= -->\n<div id=\"twae-wrapper-2e3ab60\" class=\"twae-vertical twae-wrapper  twae-vertical-right\">   \n    <div class=\"twae-start\"><\/div>    \n    <div id=\"twea-timeline-2e3ab60\" class=\"twae-timeline\" ><!-- Start of Story Repeater Content --><div id=\"story-fdd7979\" class=\"twae-story twae-repeater-item twae-story-right twae-story-no-icon\"><!-- Story Label --><div class=\"twae-labels\"><div class=\"twae-label-big\">Jeudi 4 septembre 2025<\/div><div class=\"twae-label-small\">Accueil<\/div><\/div><!-- Story Icon --><div class=\"twae-icon\"><i aria-hidden=\"true\" class=\"far fa-clock\"><\/i><\/div><!-- Story Arrow --><div class=\"twae-arrow\"><\/div><!-- Start of Story Content --><div class=\"twae-content\"><!-- Story Title --><div class=\"twae-title\">Journ\u00e9e d'accueil des nouveaux personnels<\/div><!-- Story Image --><div class=\"twae-media medium\"><img decoding=\"async\" width=\"250\" height=\"171\" src=\"http:\/\/www.ascus-univ-smb.fr\/wp-content\/uploads\/2024\/07\/jap-2024.jpg\" class=\"attachment-medium size-medium\" alt=\"\" \/><\/div><!-- Story Description --><div class=\"twae-description\"><p style=\"text-align: left\">Stand \u00e0 Marcoz<\/p><\/div><\/div><\/div><!-- Start of Story Repeater Content --><div id=\"story-89298e5\" class=\"twae-story twae-repeater-item twae-story-right twae-story-no-icon\"><!-- Story Label --><div class=\"twae-labels\"><div class=\"twae-label-big\">Samedi 13 septembre 2025<\/div><div class=\"twae-label-small\">Sortie<\/div><\/div><!-- Story Icon --><div class=\"twae-icon\"><i aria-hidden=\"true\" class=\"far fa-clock\"><\/i><\/div><!-- Story Arrow --><div class=\"twae-arrow\"><\/div><!-- Start of Story Content --><div class=\"twae-content\"><!-- Story Title --><div class=\"twae-title\">Sortie Lac de Paladru<\/div><!-- Story Description --><div class=\"twae-description\"><p>\u00a0<\/p><p class=\"elementor-heading-title elementor-size-default\">visite du mus\u00e9e arch\u00e9ologique, d'une biscuiterie et d'une brasserie<\/p><\/div><\/div><\/div><!-- Start of Story Repeater Content --><div id=\"story-bf21bd1\" class=\"twae-story twae-repeater-item twae-story-right twae-story-no-icon\"><!-- Story Label --><div class=\"twae-labels\"><div class=\"twae-label-big\">Samedi 11 octobre 2025<\/div><div class=\"twae-label-small\">Activit\u00e9<\/div><\/div><!-- Story Icon --><div class=\"twae-icon\"><i aria-hidden=\"true\" class=\"far fa-clock\"><\/i><\/div><!-- Story Arrow --><div class=\"twae-arrow\"><\/div><!-- Start of Story Content --><div class=\"twae-content\"><!-- Story Title --><div class=\"twae-title\">Course d'orientation \u00e0 Jacob<\/div><!-- Story Image --><div class=\"twae-media thumbnail\"><img decoding=\"async\" width=\"150\" height=\"150\" src=\"http:\/\/www.ascus-univ-smb.fr\/wp-content\/uploads\/2024\/08\/coo-150x150.jpg\" class=\"attachment-thumbnail size-thumbnail\" alt=\"\" \/><\/div><!-- Story Description --><div class=\"twae-description\"><p>Venez participer \u00e0 la course d\u2019orientation-Chasse au tr\u00e9sor de l\u2019ASCUS ! Explorez et (re) d\u00e9couvrez le campus de Jacob Bellecombette \u00e0 travers un parcours in\u00e9dit ponctu\u00e9 d\u2019\u00e9nigmes et de d\u00e9fis accessibles \u00e0 tous o\u00f9 le sens logique sera s\u00fbrement utile \ud83d\ude09<br \/>Les plus t\u00e9m\u00e9raires pourront aussi s\u2019aventurer dans des parcours d\u2019orientation pour tous les niveaux sur la commune de Jacob-Bellecombette !<br \/>NOTA \ud83d\udcdd : Penser \u00e0 apporter gourde d\u2019eau, chapeau\/casquette\/lunettes si soleil \u2600\ufe0f <br \/>Pour venir en bus \ud83d\ude8c : lignes A &amp; E (arr\u00eat \u00ab\u00a0Universit\u00e9 Jacob\u00a0\u00bb) seulement 8min depuis le centre-ville !<\/p><p>\u00a0<\/p><p>L'apr\u00e8s-midi se cl\u00f4turera par un go\u00fbter sur place.<\/p><p>\u00a0<\/p><\/div><\/div><\/div><!-- Start of Story Repeater Content --><div id=\"story-d463626\" class=\"twae-story twae-repeater-item twae-story-right twae-story-no-icon\"><!-- Story Label --><div class=\"twae-labels\"><div class=\"twae-label-big\">WE du 17 et 18 janvier 2026<\/div><div class=\"twae-label-small\">Sortie Week End<\/div><\/div><!-- Story Icon --><div class=\"twae-icon\"><i aria-hidden=\"true\" class=\"far fa-clock\"><\/i><\/div><!-- Story Arrow --><div class=\"twae-arrow\"><\/div><!-- Start of Story Content --><div class=\"twae-content\"><!-- Story Title --><div class=\"twae-title\">Week end \u00e0 Ar\u00e8ches - Beaufort<\/div><!-- Story Image --><div class=\"twae-media medium\"><img fetchpriority=\"high\" decoding=\"async\" width=\"300\" height=\"200\" src=\"http:\/\/www.ascus-univ-smb.fr\/wp-content\/uploads\/2024\/12\/lt-courchevel-300x200.jpg\" class=\"attachment-medium size-medium\" alt=\"\" srcset=\"http:\/\/www.ascus-univ-smb.fr\/wp-content\/uploads\/2024\/12\/lt-courchevel-300x200.jpg 300w, http:\/\/www.ascus-univ-smb.fr\/wp-content\/uploads\/2024\/12\/lt-courchevel.jpg 400w\" sizes=\"(max-width: 300px) 100vw, 300px\" \/><\/div><!-- Story Description --><div class=\"twae-description\"><p>H\u00e9bergement au chalet Le Chornais en pension compl\u00e8te.<\/p><p>Au programme : Samedi : Activit\u00e9 ski, balade en raquettes ou autres activit\u00e9s<\/p><p>Soir\u00e9e au chalet : moment de convivialit\u00e9, repas, tournoi de baby foot et quiz sur la Savoie<\/p><p>Dimanche : ski, autres activit\u00e9s montagnardes<\/p><p>D\u00e9placement non pris en charge : voiture personnelle, covoiturage.<\/p><\/div><\/div><\/div><!-- Start of Story Repeater Content --><div id=\"story-4cc988a\" class=\"twae-story twae-repeater-item twae-story-right twae-story-no-icon\"><!-- Story Label --><div class=\"twae-labels\"><div class=\"twae-label-big\"> Dimanche 15 F\u00e9vrier<\/div><div class=\"twae-label-small\">de 14 h \u00e0 17 h<\/div><\/div><!-- Story Icon --><div class=\"twae-icon\"><i aria-hidden=\"true\" class=\"far fa-clock\"><\/i><\/div><!-- Story Arrow --><div class=\"twae-arrow\"><\/div><!-- Start of Story Content --><div class=\"twae-content\"><!-- Story Title --><div class=\"twae-title\">D\u00e9couverte Slot Racing<\/div><!-- Story Image --><div class=\"twae-media medium\"><img loading=\"lazy\" decoding=\"async\" width=\"300\" height=\"168\" src=\"http:\/\/www.ascus-univ-smb.fr\/wp-content\/uploads\/2024\/12\/src73.jpg\" class=\"attachment-medium size-medium\" alt=\"\" \/><\/div><!-- Story Description --><div class=\"twae-description\"><p>Le Slot Racing made in Savoie, c\u2019est pour les petits et grands enfants (8 - 99 ans) qui aiment jouer \u00e0 la course des petites voitures sur de grands circuits \u00e9lectriques !<br \/>\u27a1\ufe0f Venez apprendre \u00e0 piloter des petites voitures (1\/24) dans le local du SRC73 (club Slot Racing de Cognin) avec une initiation, une course et bien s\u00fbr un go\u00fbter \ud83d\ude09<br \/>Acc\u00e8s en bus \ud83d\ude8c : Ligne D arr\u00eat \"\u00c9glise Cognin\". (Le bus circule le dimanche)<br \/>Sortie gratuite ! \ud83e\udd29<\/p><\/div><\/div><\/div><!-- Start of Story Repeater Content --><div id=\"story-15d100e\" class=\"twae-story twae-repeater-item twae-story-right twae-story-no-icon\"><!-- Story Label --><div class=\"twae-labels\"><div class=\"twae-label-big\">Samedi 21 mars<\/div><div class=\"twae-label-small\">sortie<\/div><\/div><!-- Story Icon --><div class=\"twae-icon\"><i aria-hidden=\"true\" class=\"far fa-clock\"><\/i><\/div><!-- Story Arrow --><div class=\"twae-arrow\"><\/div><!-- Start of Story Content --><div class=\"twae-content\"><!-- Story Title --><div class=\"twae-title\">Sortie \u00e0 Lyon<\/div><!-- Story Description --><div class=\"twae-description\"><p>\u00a0<\/p><p>D\u00e9part vers 8 heures :<\/p><p>Matin : Maison des Canuts \u00e0 Lyon<\/p><p>Pique-nique au Parc de la t\u00eate d'Or<\/p><p>Apr\u00e8s midi : Plan\u00e9tarium de Vaulx en Velin<\/p><p>Transport en car depuis le Bourget du Lac.<\/p><p>Retour vers 19 heures<\/p><\/div><\/div><\/div><!-- Start of Story Repeater Content --><div id=\"story-d78ebc5\" class=\"twae-story twae-repeater-item twae-story-right twae-story-no-icon\"><!-- Story Label --><div class=\"twae-labels\"><div class=\"twae-label-big\">Dimanche 30 Mars<\/div><div class=\"twae-label-small\">Sortie<\/div><\/div><!-- Story Icon --><div class=\"twae-icon\"><i aria-hidden=\"true\" class=\"far fa-clock\"><\/i><\/div><!-- Story Arrow --><div class=\"twae-arrow\"><\/div><!-- Start of Story Content --><div class=\"twae-content\"><!-- Story Title --><div class=\"twae-title\">Randonn\u00e9e des Grottes  10 KM<\/div><!-- Story Image --><div class=\"twae-media medium\"><img loading=\"lazy\" decoding=\"async\" width=\"300\" height=\"229\" src=\"http:\/\/www.ascus-univ-smb.fr\/wp-content\/uploads\/2026\/03\/grotte-300px.jpg\" class=\"attachment-medium size-medium\" alt=\"\" \/><\/div><!-- Story Description --><div class=\"twae-description\"><p>Avec environ 200m de d\u00e9nivel\u00e9, cette randonn\u00e9e de 10 km permet de se balader dans un cadre naturel pr\u00e9serv\u00e9, vous d\u00e9couvrirez un paysage exceptionnel en traversant la grotte inf\u00e9rieure, le pont romain et la voie sarde...<\/p><\/div><\/div><\/div><!-- Start of Story Repeater Content --><div id=\"story-50c7ffd\" class=\"twae-story twae-repeater-item twae-story-right twae-story-no-icon\"><!-- Story Label --><div class=\"twae-labels\"><div class=\"twae-label-big\">Samedi 25 avril<\/div><div class=\"twae-label-small\">Sortie<\/div><\/div><!-- Story Icon --><div class=\"twae-icon\"><i aria-hidden=\"true\" class=\"far fa-clock\"><\/i><\/div><!-- Story Arrow --><div class=\"twae-arrow\"><\/div><!-- Start of Story Content --><div class=\"twae-content\"><!-- Story Title --><div class=\"twae-title\">Chateau de Miolans et Ecomus\u00e9e <\/div><!-- Story Description --><div class=\"twae-description\"><p>Visite guid\u00e9e du Chateau de Miolans<\/p><p>Pique-nique<\/p><p>visite de l'\u00e9comus\u00e9e de Gr\u00e9sy sur Is\u00e8re<\/p><\/div><\/div><\/div><!-- Start of Story Repeater Content --><div id=\"story-c0086a1\" class=\"twae-story twae-repeater-item twae-story-right twae-story-no-icon\"><!-- Story Label --><div class=\"twae-labels\"><div class=\"twae-label-big\">Dimanche 21 juin 2026<\/div><div class=\"twae-label-small\">De 10 h \u00e0 16 h<\/div><\/div><!-- Story Icon --><div class=\"twae-icon\"><i aria-hidden=\"true\" class=\"far fa-clock\"><\/i><\/div><!-- Story Arrow --><div class=\"twae-arrow\"><\/div><!-- Start of Story Content --><div class=\"twae-content\"><!-- Story Title --><div class=\"twae-title\">Sortie voile sur le lac du Bourget<\/div><\/div><\/div><!-- Start of Story Repeater Content --><div id=\"story-7a0fa6c\" class=\"twae-story twae-repeater-item twae-story-right twae-story-no-icon\"><!-- Story Label --><div class=\"twae-labels\"><div class=\"twae-label-big\">Samedi 4 juillet 2026<\/div><div class=\"twae-label-small\">Activit\u00e9<\/div><\/div><!-- Story Icon --><div class=\"twae-icon\"><i aria-hidden=\"true\" class=\"far fa-clock\"><\/i><\/div><!-- Story Arrow --><div class=\"twae-arrow\"><\/div><!-- Start of Story Content --><div class=\"twae-content\"><!-- Story Title --><div class=\"twae-title\">F\u00eate de fin d'ann\u00e9e<\/div><\/div><\/div><\/div>\n    <div class=\"twae-end\"><\/div>\n    <\/div><style type=\"text\/css\">@media (max-width: 1024px){ .twae-wrapper{--tw-ybx-size: 80px !important;}}@media (max-width: 767px){ .twae-wrapper{--tw-ybx-size: 80px !important}}<\/style>\t\t\t\t<\/div>\n\t\t\t\t<\/div>\n\t\t\t\t\t<\/div>\n\t\t\t\t<\/div>\n\t\t\t\t<\/div>\n\t\t","protected":false},"excerpt":{"rendered":"<p>Jeudi 4 septembre 2025AccueilJourn\u00e9e d&rsquo;accueil des nouveaux personnels Stand \u00e0 Marcoz Samedi 13 septembre 2025SortieSortie Lac de Paladru \u00a0 visite du mus\u00e9e arch\u00e9ologique, d&rsquo;une biscuiterie et d&rsquo;une brasserie Samedi 11 octobre 2025Activit\u00e9Course d&rsquo;orientation \u00e0 Jacob Venez participer \u00e0 la course d\u2019orientation-Chasse au tr\u00e9sor de l\u2019ASCUS ! Explorez et (re) d\u00e9couvrez le campus de Jacob Bellecombette [&hellip;]<\/p>\n","protected":false},"author":1,"featured_media":0,"parent":0,"menu_order":0,"comment_status":"closed","ping_status":"closed","template":"","meta":{"site-sidebar-layout":"no-sidebar","site-content-layout":"","ast-site-content-layout":"full-width-container","site-content-style":"default","site-sidebar-style":"default","ast-global-header-display":"","ast-banner-title-visibility":"","ast-main-header-display":"","ast-hfb-above-header-display":"","ast-hfb-below-header-display":"","ast-hfb-mobile-header-display":"","site-post-title":"","ast-breadcrumbs-content":"","ast-featured-img":"disabled","footer-sml-layout":"","ast-disable-related-posts":"","theme-transparent-header-meta":"","adv-header-id-meta":"","stick-header-meta":"","header-above-stick-meta":"","header-main-stick-meta":"","header-below-stick-meta":"","astra-migrate-meta-layouts":"default","ast-page-background-enabled":"default","ast-page-background-meta":{"desktop":{"background-color":"var(--ast-global-color-4)","background-image":"","background-repeat":"repeat","background-position":"center center","background-size":"auto","background-attachment":"scroll","background-type":"","background-media":"","overlay-type":"","overlay-color":"","overlay-opacity":"","overlay-gradient":""},"tablet":{"background-color":"","background-image":"","background-repeat":"repeat","background-position":"center center","background-size":"auto","background-attachment":"scroll","background-type":"","background-media":"","overlay-type":"","overlay-color":"","overlay-opacity":"","overlay-gradient":""},"mobile":{"background-color":"","background-image":"","background-repeat":"repeat","background-position":"center center","background-size":"auto","background-attachment":"scroll","background-type":"","background-media":"","overlay-type":"","overlay-color":"","overlay-opacity":"","overlay-gradient":""}},"ast-content-background-meta":{"desktop":{"background-color":"var(--ast-global-color-5)","background-image":"","background-repeat":"repeat","background-position":"center center","background-size":"auto","background-attachment":"scroll","background-type":"","background-media":"","overlay-type":"","overlay-color":"","overlay-opacity":"","overlay-gradient":""},"tablet":{"background-color":"var(--ast-global-color-5)","background-image":"","background-repeat":"repeat","background-position":"center center","background-size":"auto","background-attachment":"scroll","background-type":"","background-media":"","overlay-type":"","overlay-color":"","overlay-opacity":"","overlay-gradient":""},"mobile":{"background-color":"var(--ast-global-color-5)","background-image":"","background-repeat":"repeat","background-position":"center center","background-size":"auto","background-attachment":"scroll","background-type":"","background-media":"","overlay-type":"","overlay-color":"","overlay-opacity":"","overlay-gradient":""}},"footnotes":""},"class_list":["post-542","page","type-page","status-publish","hentry"],"_links":{"self":[{"href":"http:\/\/www.ascus-univ-smb.fr\/index.php\/wp-json\/wp\/v2\/pages\/542","targetHints":{"allow":["GET"]}}],"collection":[{"href":"http:\/\/www.ascus-univ-smb.fr\/index.php\/wp-json\/wp\/v2\/pages"}],"about":[{"href":"http:\/\/www.ascus-univ-smb.fr\/index.php\/wp-json\/wp\/v2\/types\/page"}],"author":[{"embeddable":true,"href":"http:\/\/www.ascus-univ-smb.fr\/index.php\/wp-json\/wp\/v2\/users\/1"}],"replies":[{"embeddable":true,"href":"http:\/\/www.ascus-univ-smb.fr\/index.php\/wp-json\/wp\/v2\/comments?post=542"}],"version-history":[{"count":64,"href":"http:\/\/www.ascus-univ-smb.fr\/index.php\/wp-json\/wp\/v2\/pages\/542\/revisions"}],"predecessor-version":[{"id":664,"href":"http:\/\/www.ascus-univ-smb.fr\/index.php\/wp-json\/wp\/v2\/pages\/542\/revisions\/664"}],"wp:attachment":[{"href":"http:\/\/www.ascus-univ-smb.fr\/index.php\/wp-json\/wp\/v2\/media?parent=542"}],"curies":[{"name":"wp","href":"https:\/\/api.w.org\/{rel}","templated":true}]}}